{"id":221,"date":"2025-04-17T18:55:20","date_gmt":"2025-04-17T16:55:20","guid":{"rendered":"https:\/\/www.eifeler-austria.com\/hu\/?page_id=221"},"modified":"2025-05-10T19:44:34","modified_gmt":"2025-05-10T17:44:34","slug":"duplex-pvd","status":"publish","type":"page","link":"https:\/\/www.eifeler-austria.com\/hu\/duplex-pvd\/","title":{"rendered":"DUPLEX Verfahren"},"content":{"rendered":"\n<div class=\"wp-block-qubely-wrapper alignfull qubely-block-a270e9\"><div class=\"qubely-block-wrapper-block \">\n<div class=\"wp-block-qubely-row alignfull qubely-section qubely-block-5e529a  qubely-block-3c1922\"><div class=\"qubely-row-overlay\"><\/div><div class=\"qubely-container-fluid\"><div class=\"qubely-row \">\n<div class=\"wp-block-qubely-column qubely-column qubely-column-front qubely-block-d25864\"><div class=\"qubely-column-inner\"><\/div><\/div>\n\n\n\n<div class=\"wp-block-qubely-column qubely-column qubely-column-front qubely-block-7e5358\"><div class=\"qubely-column-inner\">\n<div class=\"wp-block-qubely-text qubely-block-a5a590\"><div class=\"qubely-block-text  \"><div class=\"qubely-block-text-title-container  qubely-separator-position-top\"><div class=\"qubely-block-text-title-inner\"><h1 class=\"qubely-block-text-title\">K\u00e9tszeresen hat\u00e9kony<span style=\"color: #006098;\" data=\"#006098\" class=\"qubely-text-has-color\">:<\/span><\/h1><\/div><\/div><p>Eifeler DUPLEX, a k\u00e9tszeresen hat\u00e9kony elj\u00e1r\u00e1s kifejezetten az olyan hagyom\u00e1nyos alkalmaz\u00e1sokhoz \u00e9s k\u00f6vetelm\u00e9nyekhez, ahol a standard PVD-bevonatok teljes\u00edt\u0151k\u00e9pess\u00e9g\u00fck hat\u00e1r\u00e1hoz \u00e9rnek.<\/p><\/div><\/div>\n<\/div><\/div>\n\n\n\n<div class=\"wp-block-qubely-column qubely-column qubely-column-front qubely-block-edb4de\"><div class=\"qubely-column-inner\"><\/div><\/div>\n<\/div><\/div><\/div>\n<\/div><\/div>\n\n\n\n<div class=\"wp-block-qubely-wrapper alignfull qubely-block-e55ae7\"><div class=\"qubely-block-wrapper-block \">\n<div class=\"wp-block-qubely-row alignfull qubely-section qubely-block-89d9bb  qubely-block-3c1922\"><div class=\"qubely-row-overlay\"><\/div><div class=\"qubely-container-fluid\"><div class=\"qubely-row \">\n<div class=\"wp-block-qubely-column qubely-column qubely-column-front qubely-block-27cf14\"><div class=\"qubely-column-inner\"><\/div><\/div>\n\n\n\n<div class=\"wp-block-qubely-column qubely-column qubely-column-front qubely-block-acf02f\"><div class=\"qubely-column-inner\">\n<div class=\"wp-block-qubely-text qubely-block-c26838\"><div class=\"qubely-block-text  \"><div class=\"qubely-block-text-title-container  qubely-separator-position-top\"><div class=\"qubely-block-text-title-inner\"><h1 class=\"qubely-block-text-title\">K\u00e9tszeresen hat\u00e9kony<span style=\"color: #006098;\" data=\"#006098\" class=\"qubely-text-has-color\">:<\/span><\/h1><\/div><\/div><p>Eifeler DUPLEX, a k\u00e9tszeresen hat\u00e9kony elj\u00e1r\u00e1s kifejezetten az olyan hagyom\u00e1nyos alkalmaz\u00e1sokhoz \u00e9s k\u00f6vetelm\u00e9nyekhez, ahol a standard PVD-bevonatok teljes\u00edt\u0151k\u00e9pess\u00e9g\u00fck hat\u00e1r\u00e1hoz \u00e9rnek.<\/p><\/div><\/div>\n<\/div><\/div>\n\n\n\n<div class=\"wp-block-qubely-column qubely-column qubely-column-front qubely-block-75994f\"><div class=\"qubely-column-inner\"><\/div><\/div>\n<\/div><\/div><\/div>\n<\/div><\/div>\n\n\n\n<div class=\"wp-block-qubely-row qubely-section qubely-block-c9e09c\"><div class=\"qubely-row-overlay\"><\/div><div class=\"qubely-container\"><div class=\"qubely-row \">\n<div class=\"wp-block-qubely-column qubely-column qubely-column-front qubely-block-64d491\"><div class=\"qubely-column-inner\"><\/div><\/div>\n\n\n\n<div class=\"wp-block-qubely-column qubely-column qubely-column-front qubely-block-c7ae7e\"><div class=\"qubely-column-inner\">\n<div class=\"wp-block-qubely-text qubely-block-ad32a0\"><div class=\"qubely-block-text  \"><div class=\"qubely-block-text-title-container  qubely-separator-position-top\"><div class=\"qubely-block-text-title-inner\"><h2 class=\"qubely-block-text-title\">DUPLEX-elj\u00e1r\u00e1s.<\/h2><\/div><\/div><p>A DUPLEX a h\u0151k\u00e9miai plazmanitrid\u00e1l\u00e1s \u00e9s az azt k\u00f6zvetlen\u00fcl k\u00f6vet\u0151 Eifeler PVD-bevonat felvitel\u00e9nek kombin\u00e1ci\u00f3j\u00e1t jelenti egyetlen munkafolyamatban. A DUPLEX-kezel\u00e9s sor\u00e1n ide\u00e1lis kem\u00e9nys\u00e9gi gradiens alakul ki a szersz\u00e1m magj\u00e1t\u00f3l a peremter\u00fcleten \u00e1t eg\u00e9szen a szersz\u00e1m fel\u00fclet\u00e9ig. Ez\u00e1ltal a PVD-bevonat teljes\u00edt\u0151k\u00e9pess\u00e9ge jelent\u0151sen megn\u0151.<\/p><\/div><\/div>\n<\/div><\/div>\n\n\n\n<div class=\"wp-block-qubely-column qubely-column qubely-column-front qubely-block-e3e64f\"><div class=\"qubely-column-inner\">\n<div class=\"wp-block-qubely-infobox qubely-block-0fadbb\" data-qubelyanimation=\"{&quot;animation&quot;:&quot;slide&quot;,&quot;name&quot;:&quot;slideRight&quot;,&quot;repeat&quot;:&quot;once&quot;,&quot;direction&quot;:&quot;Right&quot;,&quot;duration&quot;:1000,&quot;delay&quot;:0,&quot;curve&quot;:&quot;ease-in-out&quot;,&quot;openAnimation&quot;:1}\"><div class=\"qubely-block-info-box  qubely-info-box-layout-1\"><div class=\"qubely-info-box-media\"><i class=\"qubely-info-box-icon fas fa-leaf\"><\/i><\/div><div class=\"qubely-info-box-body\"><div class=\"qubely-info-box-title-container  qubely-separator-position-top\"><div class=\"qubely-info-box-title-inner\"><h6 class=\"qubely-info-box-title\">J\u00d6V\u0150<\/h6><\/div><\/div><div class=\"qubely-info-box-content\"><div class=\"qubely-info-box-text\"> <a href=\"https:\/\/www.eifeler-austria.com\/hu\/fenntarthatosag-bevonatok-2\/\">bar\u00e1t<\/a> <\/div><\/div><\/div><\/div><\/div>\n\n\n\n<div class=\"wp-block-qubely-infobox qubely-block-3bd968\" data-qubelyanimation=\"{&quot;animation&quot;:&quot;fade&quot;,&quot;name&quot;:&quot;fadeCenter&quot;,&quot;repeat&quot;:&quot;once&quot;,&quot;direction&quot;:&quot;Center&quot;,&quot;duration&quot;:1000,&quot;delay&quot;:0,&quot;curve&quot;:&quot;ease-in-out&quot;,&quot;openAnimation&quot;:1}\"><div class=\"qubely-block-info-box  qubely-info-box-layout-1\"><div class=\"qubely-info-box-media\"><i class=\"qubely-info-box-icon fas fa-leaf\"><\/i><\/div><div class=\"qubely-info-box-body\"><div class=\"qubely-info-box-title-container  qubely-separator-position-top\"><div class=\"qubely-info-box-title-inner\"><h6 class=\"qubely-info-box-title\">J\u00d6V\u0150<\/h6><\/div><\/div><div class=\"qubely-info-box-content\"><div class=\"qubely-info-box-text\"> <a href=\"https:\/\/www.eifeler-austria.com\/hu\/fenntarthatosag-bevonatok-2\/\">bar\u00e1t <\/a><\/div><\/div><\/div><\/div><\/div>\n<\/div><\/div>\n<\/div><\/div><\/div>\n\n\n\n<div class=\"wp-block-qubely-row qubely-section qubely-block-803549\"><div class=\"qubely-row-overlay\"><\/div><div class=\"qubely-container\"><div class=\"qubely-row \">\n<div class=\"wp-block-qubely-column qubely-column qubely-column-front qubely-block-ee961f\"><div class=\"qubely-column-inner\"><\/div><\/div>\n\n\n\n<div class=\"wp-block-qubely-column qubely-column qubely-column-front qubely-block-bea9fb\"><div class=\"qubely-column-inner\">\n<div class=\"wp-block-qubely-text qubely-block-f13cd9\"><div class=\"qubely-block-text  \"><div class=\"qubely-block-text-title-container  qubely-separator-position-top\"><div class=\"qubely-block-text-title-inner\"><h3 class=\"qubely-block-text-title\">A CVD-bevonat alternat\u00edv\u00e1ja<\/h3><\/div><\/div><p>A DUPLEX k\u00fcl\u00f6n\u00f6sen a nagy szil\u00e1rds\u00e1g\u00fa lemezek k\u00e9pl\u00e9keny alak\u00edt\u00e1s\u00e1nak ter\u00fclet\u00e9n \u00e9s alacsony szersz\u00e1mt\u0171r\u00e9s eset\u00e9n hat\u00e9kony alternat\u00edv\u00e1ja a CVD-bevonatoknak. Nem utols\u00f3sorban a jelent\u0151sen r\u00f6videbb megmunk\u00e1l\u00e1si \u00e9s sz\u00e1ll\u00edt\u00e1si id\u0151k miatt, amelyek 2\u20135 munkanapot tesznek ki.<\/p><\/div><\/div>\n<\/div><\/div>\n\n\n\n<div class=\"wp-block-qubely-column qubely-column qubely-column-front qubely-block-702b1c\"><div class=\"qubely-column-inner\">\n<div class=\"wp-block-qubely-infobox qubely-block-040ad7\" data-qubelyanimation=\"{&quot;animation&quot;:&quot;slide&quot;,&quot;name&quot;:&quot;slideRight&quot;,&quot;repeat&quot;:&quot;once&quot;,&quot;direction&quot;:&quot;Right&quot;,&quot;duration&quot;:1000,&quot;delay&quot;:&quot;1000&quot;,&quot;curve&quot;:&quot;ease-in-out&quot;,&quot;openAnimation&quot;:1}\"><div class=\"qubely-block-info-box  qubely-info-box-layout-1\"><div class=\"qubely-info-box-media\"><i class=\"qubely-info-box-icon fas fa-shipping-fast\"><\/i><\/div><div class=\"qubely-info-box-body\"><div class=\"qubely-info-box-title-container  qubely-separator-position-top\"><div class=\"qubely-info-box-title-inner\"><h6 class=\"qubely-info-box-title\">PICKUP <\/h6><\/div><\/div><div class=\"qubely-info-box-content\"><div class=\"qubely-info-box-text\"> <a href=\"https:\/\/www.eifeler-austria.com\/hu\/szolgaltatasok-eifeler-bevonatok\/\">szolg\u00e1ltat\u00e1s<\/a> <\/div><\/div><\/div><\/div><\/div>\n<\/div><\/div>\n<\/div><\/div><\/div>\n\n\n\n<div class=\"wp-block-qubely-row qubely-section qubely-block-a23a0d\"><div class=\"qubely-row-overlay\"><\/div><div class=\"qubely-container\"><div class=\"qubely-row \">\n<div class=\"wp-block-qubely-column qubely-column qubely-column-front qubely-block-85007e\"><div class=\"qubely-column-inner\"><\/div><\/div>\n\n\n\n<div class=\"wp-block-qubely-column qubely-column qubely-column-front qubely-block-208fad\"><div class=\"qubely-column-inner\">\n<div class=\"wp-block-qubely-text qubely-block-2d7111\"><div class=\"qubely-block-text  \"><div class=\"qubely-block-text-title-container  qubely-separator-position-top\"><div class=\"qubely-block-text-title-inner\"><h3 class=\"qubely-block-text-title\">Extr\u00e9m magas \u00e9lettartam<\/h3><\/div><\/div><p>A DUPLEX-elj\u00e1r\u00e1s a szersz\u00e1manyag fel\u00fcleti kem\u00e9nys\u00e9g\u00e9nek meghat\u00e1rozott n\u00f6veked\u00e9s\u00e9hez vezet. Ebb\u0151l sz\u00e1mos pozit\u00edv hat\u00e1s sz\u00e1rmazik. \u00cdgy a PVD-bevonat megn\u00f6velt teljes\u00edt\u0151k\u00e9pess\u00e9ge r\u00e9v\u00e9n jelent\u0151sen magasabb \u00e9lettartam, valamint jelent\u0151sen cs\u00f6kkentett g\u00e9pbe\u00e1ll\u00e1si \u00e9s szersz\u00e1mk\u00f6lts\u00e9gek \u00e9rhet\u0151k el. <\/p><\/div><\/div>\n<\/div><\/div>\n\n\n\n<div class=\"wp-block-qubely-column qubely-column qubely-column-front qubely-block-aa0ee1\"><div class=\"qubely-column-inner\">\n<div class=\"wp-block-qubely-infobox qubely-block-4bf8fd\" data-qubelyanimation=\"{&quot;animation&quot;:&quot;slide&quot;,&quot;name&quot;:&quot;slideRight&quot;,&quot;repeat&quot;:&quot;once&quot;,&quot;direction&quot;:&quot;Right&quot;,&quot;duration&quot;:1000,&quot;delay&quot;:&quot;1000&quot;,&quot;curve&quot;:&quot;ease-in-out&quot;,&quot;openAnimation&quot;:1}\"><div class=\"qubely-block-info-box  qubely-info-box-layout-1\"><div class=\"qubely-info-box-media\"><i class=\"qubely-info-box-icon far fa-clock\"><\/i><\/div><div class=\"qubely-info-box-body\"><div class=\"qubely-info-box-title-container  qubely-separator-position-top\"><div class=\"qubely-info-box-title-inner\"><h6 class=\"qubely-info-box-title\">48 \u00f3r\u00e1s <\/h6><\/div><\/div><div class=\"qubely-info-box-content\"><div class=\"qubely-info-box-text\"> <a href=\"https:\/\/www.eifeler-austria.com\/hu\/szolgaltatasok-eifeler-bevonatok\/\">szolg\u00e1ltat\u00e1s<\/a> <\/div><\/div><\/div><\/div><\/div>\n<\/div><\/div>\n<\/div><\/div><\/div>\n\n\n\n<div class=\"wp-block-qubely-wrapper alignfull qubely-block-c872ad\"><div class=\"qubely-block-wrapper-block \">\n<div class=\"wp-block-qubely-row alignfull qubely-section qubely-block-fd8e77\"><div class=\"qubely-row-overlay\"><\/div><div class=\"qubely-container\"><div class=\"qubely-row \">\n<div class=\"wp-block-qubely-column qubely-column qubely-column-front qubely-block-6a9800\"><div class=\"qubely-column-inner\"><\/div><\/div>\n\n\n\n<div class=\"wp-block-qubely-column qubely-column qubely-column-front qubely-block-b6764b\"><div class=\"qubely-column-inner\">\n<div class=\"wp-block-qubely-text qubely-block-4fe347\"><div class=\"qubely-block-text  \"><div class=\"qubely-block-text-title-container  qubely-separator-position-top\"><div class=\"qubely-block-text-title-inner\"><h3 class=\"qubely-block-text-title\">A DUPLEX-elj\u00e1r\u00e1s el\u0151nyei<\/h3><\/div><\/div><p>A kem\u00e9nys\u00e9ggradiens ide\u00e1lis fel\u00e9p\u00edt\u00e9se \u00e9s az 500\u00b0 C alatti bevonatol\u00e1si h\u0151m\u00e9rs\u00e9klet r\u00e9v\u00e9n a DUPLEX-elj\u00e1r\u00e1s sz\u00e1mos pozit\u00edv hat\u00e1st eredm\u00e9nyez p\u00e9ld\u00e1ul a nagy szil\u00e1rds\u00e1g\u00fa lemezek kezel\u00e9s\u00e9n\u00e9l.<\/p><\/div><\/div>\n<\/div><\/div>\n\n\n\n<div class=\"wp-block-qubely-column qubely-column qubely-column-front qubely-block-ac4b1e\"><div class=\"qubely-column-inner\"><\/div><\/div>\n<\/div><\/div><\/div>\n\n\n\n<div class=\"wp-block-qubely-row alignfull qubely-section qubely-block-d79c31\"><div class=\"qubely-row-overlay\"><\/div><div class=\"qubely-container\"><div class=\"qubely-row \">\n<div class=\"wp-block-qubely-column qubely-column qubely-column-front qubely-block-a69edd\"><div class=\"qubely-column-inner\"><\/div><\/div>\n\n\n\n<div class=\"wp-block-qubely-column qubely-column qubely-column-front qubely-block-b48ac0\"><div class=\"qubely-column-inner\">\n<div class=\"wp-block-qubely-advancedlist qubely-block-c39e12\"><div class=\"qubely-block-advanced-list  qubely-alignment-left\"><ul class=\"qubely-list qubely-list-type-unordered qubely-list-bullet-square\"><li>megn\u00f6velt al\u00e1t\u00e1maszt\u00e1s a PVD-bevonatok sz\u00e1m\u00e1ra<\/li><li>jelent\u0151sen megn\u00f6velt nyom\u00f3szil\u00e1rds\u00e1g<\/li><li>a magasf\u00e9ny\u0171 pol\u00edroz\u00e1s megmarad<\/li><\/ul><\/div><\/div>\n<\/div><\/div>\n\n\n\n<div class=\"wp-block-qubely-column qubely-column qubely-column-front qubely-block-bd5ce4\"><div class=\"qubely-column-inner\">\n<div class=\"wp-block-qubely-advancedlist qubely-block-1ebe92\"><div class=\"qubely-block-advanced-list  qubely-alignment-left\"><ul class=\"qubely-list qubely-list-type-unordered qubely-list-bullet-square\"><li>a szersz\u00e1mok magas m\u00e9retpontoss\u00e1ga megmarad<\/li><li>jelent\u0151s \u00e9lettartam-n\u00f6veked\u00e9s\n<\/li><li>cs\u00f6kkentett g\u00e9pbe\u00e1ll\u00e1si \u00e9s szersz\u00e1mk\u00f6lts\u00e9gek<\/li><\/ul><\/div><\/div>\n<\/div><\/div>\n<\/div><\/div><\/div>\n<\/div><\/div>\n\n\n\n<div class=\"wp-block-qubely-row qubely-section qubely-block-6948ec\"><div class=\"qubely-row-overlay\"><\/div><div class=\"qubely-container\"><div class=\"qubely-row \">\n<div class=\"wp-block-qubely-column qubely-column qubely-column-front qubely-block-cd1cd0\"><div class=\"qubely-column-inner\"><\/div><\/div>\n\n\n\n<div class=\"wp-block-qubely-column qubely-column qubely-column-front qubely-block-c0ccc3\"><div class=\"qubely-column-inner\">\n<div class=\"wp-block-qubely-text qubely-block-15a71d\"><div class=\"qubely-block-text  \"><div class=\"qubely-block-text-title-container  qubely-separator-position-top\"><div class=\"qubely-block-text-title-inner\"><h4 class=\"qubely-block-text-title\">M\u00e9g jobb: \u201eSpeci\u00e1lis fel\u00fcletpol\u00edroz\u00e1ssal\u201d<\/h4><\/div><\/div><p>A DUPLEX-elj\u00e1r\u00e1s maxim\u00e1lis teljes\u00edt\u0151k\u00e9pess\u00e9g\u00e9hez \u00e9s kiv\u00e1l\u00f3 fel\u00fcleti min\u0151s\u00e9g\u00e9hez elengedhetetlen a fel\u00fcletek el\u0151zetes optim\u00e1lis el\u0151k\u00e9sz\u00edt\u00e9se. Az alak\u00edt\u00f3 szersz\u00e1mok eset\u00e9ben az RZ &lt; 2\u00b5m \u00e9rdess\u00e9g aj\u00e1nlott. Ez\u00e9rt el\u0151k\u00e9sz\u00edt\u0151 egys\u00e9geinkn\u00e9l is a leg\u00fajabb technol\u00f3gi\u00e1kat alkalmazzuk, \u00e9s kieg\u00e9sz\u00edt\u00e9sk\u00e9nt <a href=\"https:\/\/www.eifeler-austria.com\/hu\/szolgaltatasok-eifeler-bevonatok\/\">\u201especi\u00e1lis fel\u00fcletpol\u00edroz\u00e1sunkat\u201d is aj\u00e1nljuk<\/a>.<br><br><br><\/p><\/div><\/div>\n\n\n\n<div class=\"alignnormal\"><div id=\"metaslider-id-282\" style=\"max-width: 1000px; margin: 0 auto;\" class=\"ml-slider-3-104-0 metaslider metaslider-flex metaslider-282 ml-slider ms-theme-default-base nav-hidden\" role=\"region\" aria-label=\"DUPLEX\" data-height=\"580\" data-width=\"1000\">\n    <div id=\"metaslider_container_282\">\n        <div id=\"metaslider_282\">\n            <ul class='slides'>\n                <li style=\"display: block; width: 100%;\" class=\"slide-288 ms-image \" aria-roledescription=\"slide\" data-date=\"2025-04-18 15:50:31\" data-filename=\"coating_eifeler_duplex-eljaras-pvd-bevonat-1000x580.jpg\" data-slide-type=\"image\"><img loading=\"lazy\" decoding=\"async\" src=\"https:\/\/www.eifeler-austria.com\/hu\/wp-content\/uploads\/sites\/3\/2025\/04\/coating_eifeler_duplex-eljaras-pvd-bevonat-1000x580.jpg\" height=\"580\" width=\"1000\" alt=\"Fot\u00f3: Eifeler Coating \u2013 PVD-bevonat DUPLEX-elj\u00e1r\u00e1ssal\" class=\"slider-282 slide-288 msDefaultImage\" title=\"coating_eifeler_duplex-eljaras-pvd-bevonat\" \/><\/li>\n                <li style=\"display: none; width: 100%;\" class=\"slide-283 ms-image \" aria-roledescription=\"slide\" data-date=\"2025-04-18 15:45:38\" data-filename=\"duplex-eljaras-pvd-bevonatok-eifeler-austria-1000x580.jpg\" data-slide-type=\"image\"><img loading=\"lazy\" decoding=\"async\" src=\"https:\/\/www.eifeler-austria.com\/hu\/wp-content\/uploads\/sites\/3\/2025\/04\/duplex-eljaras-pvd-bevonatok-eifeler-austria-1000x580.jpg\" height=\"580\" width=\"1000\" alt=\"Fot\u00f3: DUPLEX-elj\u00e1r\u00e1s, a CVD-bevonatol\u00e1s hat\u00e9kony alternat\u00edv\u00e1ja \u2013 Eifeler Austria\" class=\"slider-282 slide-283 msDefaultImage\" title=\"duplex-eljaras-pvd-bevonatok-eifeler-austria\" \/><\/li>\n                <li style=\"display: none; width: 100%;\" class=\"slide-285 ms-image \" aria-roledescription=\"slide\" data-date=\"2025-04-18 15:45:38\" data-filename=\"duplex-eljaras-pvd-bevonat-eifeler-austria-1000x580.jpg\" data-slide-type=\"image\"><img loading=\"lazy\" decoding=\"async\" src=\"https:\/\/www.eifeler-austria.com\/hu\/wp-content\/uploads\/sites\/3\/2025\/04\/duplex-eljaras-pvd-bevonat-eifeler-austria-1000x580.jpg\" height=\"580\" width=\"1000\" alt=\"Fot\u00f3: DUPLEX-elj\u00e1r\u00e1s Eifeler cs\u00facstechnol\u00f3gi\u00e1s bevonatok\" class=\"slider-282 slide-285 msDefaultImage\" title=\"duplex-eljaras-pvd-bevonat-eifeler-austria\" \/><\/li>\n                <li style=\"display: none; width: 100%;\" class=\"slide-284 ms-image \" aria-roledescription=\"slide\" data-date=\"2025-04-18 15:45:38\" data-filename=\"eifeler-austria-duplex-eljaras-pvd-bevonatok-1000x580.jpg\" data-slide-type=\"image\"><img loading=\"lazy\" decoding=\"async\" src=\"https:\/\/www.eifeler-austria.com\/hu\/wp-content\/uploads\/sites\/3\/2025\/04\/eifeler-austria-duplex-eljaras-pvd-bevonatok-1000x580.jpg\" height=\"580\" width=\"1000\" alt=\"Fot\u00f3: DUPLEX-elj\u00e1r\u00e1s cs\u00facstechnol\u00f3gi\u00e1s PVD-bevonatok Eifeler Austria\" class=\"slider-282 slide-284 msDefaultImage\" title=\"eifeler-austria-duplex-eljaras-pvd-bevonatok\" \/><\/li>\n                <li style=\"display: none; width: 100%;\" class=\"slide-286 ms-image \" aria-roledescription=\"slide\" data-date=\"2025-04-18 15:45:39\" data-filename=\"duplex-eljaras-pvd-bevonat-eifeler-1000x580.jpg\" data-slide-type=\"image\"><img loading=\"lazy\" decoding=\"async\" src=\"https:\/\/www.eifeler-austria.com\/hu\/wp-content\/uploads\/sites\/3\/2025\/04\/duplex-eljaras-pvd-bevonat-eifeler-1000x580.jpg\" height=\"580\" width=\"1000\" alt=\"Fot\u00f3: Eifeler DUPLEX PVD \u2013 rendk\u00edv\u00fcl hossz\u00fa \u00e9lettartam stancol\u00f3 \u00e9s alak\u00edt\u00f3 szersz\u00e1mokhoz\" class=\"slider-282 slide-286 msDefaultImage\" title=\"duplex-eljaras-pvd-bevonat-eifeler\" \/><\/li>\n            <\/ul>\n        <\/div>\n        \n    <\/div>\n<\/div><\/div>\n<\/div><\/div>\n\n\n\n<div class=\"wp-block-qubely-column qubely-column qubely-column-front qubely-block-658826\"><div class=\"qubely-column-inner\"><\/div><\/div>\n<\/div><\/div><\/div>\n\n\n\n<div class=\"wp-block-qubely-row qubely-section qubely-block-c66088\"><div class=\"qubely-row-overlay\"><\/div><div class=\"qubely-container\"><div class=\"qubely-row \">\n<div class=\"wp-block-qubely-column qubely-column qubely-column-front qubely-block-0e763e\"><div class=\"qubely-column-inner\"><\/div><\/div>\n\n\n\n<div class=\"wp-block-qubely-column qubely-column qubely-column-front qubely-block-81b323\"><div class=\"qubely-column-inner\">\n<div class=\"wp-block-qubely-text qubely-block-28204e\"><div class=\"qubely-block-text  \"><div class=\"qubely-block-text-title-container  qubely-separator-position-top\"><div class=\"qubely-block-text-title-inner\"><h3 class=\"qubely-block-text-title\">Stancol\u00f3 \u00e9s alak\u00edt\u00f3 szersz\u00e1mokhoz<\/h3><\/div><\/div><p>Minden bevonhat\u00f3 \u00e9s nitrid\u00e1lhat\u00f3 ac\u00e9lanyag, illetve er\u0151sen \u00f6tv\u00f6z\u00f6tt szersz\u00e1mac\u00e9l alkalmas a DUPLEX-elj\u00e1r\u00e1sra. A m\u00e9lyh\u00faz\u00e1s, stancol\u00e1s, hajl\u00edt\u00e1s \u00e9s pr\u00e9sel\u00e9s ter\u00fclet\u00e9n az elj\u00e1r\u00e1s m\u00e1r bev\u00e1lt. F\u0151 alkalmaz\u00e1si ter\u00fclet, ahol a DUPLEX-et jelenleg rendszeresen \u00e9s sikeresen v\u00e1lasztj\u00e1k, a nagy szil\u00e1rds\u00e1g\u00fa lemezanyagok k\u00e9pl\u00e9keny alak\u00edt\u00e1s\u00e1ra szolg\u00e1l\u00f3 szersz\u00e1mok. Itt \u00e1ltal\u00e1ban a VARIANTIC bevonattal kombin\u00e1lj\u00e1k.<\/p><\/div><\/div>\n\n\n\n<div class=\"wp-block-qubely-text qubely-block-7e63f4\"><div class=\"qubely-block-text  \"><div class=\"qubely-block-text-title-container  qubely-separator-position-top\"><div class=\"qubely-block-text-title-inner\"><h4 class=\"qubely-block-text-title\">Kombin\u00e1ci\u00f3k<\/h4><\/div><\/div><p>az alkalmaz\u00e1st\u00f3l f\u00fcgg\u0151en pl. <\/p><\/div><\/div>\n\n\n\n<div class=\"wp-block-qubely-advancedlist qubely-block-e5f114\"><div class=\"qubely-block-advanced-list  qubely-alignment-left\"><ul class=\"qubely-list qubely-list-type-unordered qubely-list-bullet-square\"><li>DUPLEX &#8211; VARIANTIC<\/li><li>DUPLEX &#8211; ALLTRON<\/li><li>DUPLEX &#8211; TiN<\/li><li>DUPLEX &#8211; CrN<\/li><\/ul><\/div><\/div>\n\n\n\n<div class=\"wp-block-qubely-text qubely-block-42194b\"><div class=\"qubely-block-text  \"><p><br><a title=\"E-mail \u00edr\u00e1sa az Eifeler Plasma Beschichtungs GmbH r\u00e9sz\u00e9re\" href=\"mailto:\/\/office@eifeler-austria.com\" target=\"_blank\" rel=\"noopener noreferrer\">L\u00e9pjen<\/a> vel\u00fcnk kapcsolatba egyszer\u0171en \u2013 sz\u00edvesen adunk tan\u00e1csot \u00d6nnek a DUPLEX-kezel\u00e9s alkalmaz\u00e1si lehet\u0151s\u00e9geir\u0151l!<\/p><\/div><\/div>\n<\/div><\/div>\n\n\n\n<div class=\"wp-block-qubely-column qubely-column qubely-column-front qubely-block-5b6dae\"><div class=\"qubely-column-inner\"><\/div><\/div>\n<\/div><\/div><\/div>\n\n\n\n<div class=\"wp-block-qubely-row qubely-section qubely-block-914f65\"><div class=\"qubely-row-overlay\"><\/div><div class=\"qubely-container\"><div class=\"qubely-row \">\n<div class=\"wp-block-qubely-column qubely-column qubely-column-front qubely-block-9fcd0d\"><div class=\"qubely-column-inner\"><\/div><\/div>\n\n\n\n<div class=\"wp-block-qubely-column qubely-column qubely-column-front qubely-block-f76b54\"><div class=\"qubely-column-inner\">\n<div class=\"wp-block-qubely-row qubely-section qubely-block-3e6897\"><div class=\"qubely-row-overlay\"><\/div><div class=\"qubely-container\"><div class=\"qubely-row \">\n<div class=\"wp-block-qubely-column qubely-column qubely-column-front qubely-block-06ba8d\"><div class=\"qubely-column-inner\">\n<div class=\"wp-block-qubely-text qubely-block-6592e2\"><div class=\"qubely-block-text  \"><p>Melyik bevonat a legmegfelel\u0151bb? Sz\u00edvesen seg\u00edt\u00fcnk \u00d6nnek!  <\/p><\/div><\/div>\n<\/div><\/div>\n\n\n\n<div class=\"wp-block-qubely-column qubely-column qubely-column-front qubely-block-881757\"><div class=\"qubely-column-inner\">\n<div class=\"wp-block-qubely-button qubely-block-eacd33\"><div class=\"qubely-block-btn-wrapper \"><div class=\"qubely-block-btn\"><a class=\"qubely-block-btn-anchor is-large\" href=\"mailto:\/\/office@eifeler-austria.com\" target=\"_blank\" rel=\"noopener noreferrer\">Aj\u00e1nlatk\u00e9r\u00e9s<span style=\"color: var(--theme-palette-color-2, #006098);\" class=\"stk-highlight\">.<\/span><\/a><\/div><\/div><\/div>\n<\/div><\/div>\n<\/div><\/div><\/div>\n<\/div><\/div>\n\n\n\n<div class=\"wp-block-qubely-column qubely-column qubely-column-front qubely-block-4ea614\"><div class=\"qubely-column-inner\"><\/div><\/div>\n<\/div><\/div><\/div>\n\n\n\n<div class=\"wp-block-qubely-row qubely-section qubely-block-f39433\" data-qubelyanimation=\"{&quot;animation&quot;:&quot;fade&quot;,&quot;name&quot;:&quot;fadeCenter&quot;,&quot;repeat&quot;:&quot;once&quot;,&quot;direction&quot;:&quot;Center&quot;,&quot;duration&quot;:&quot;1000&quot;,&quot;delay&quot;:0,&quot;curve&quot;:&quot;ease-in-out&quot;,&quot;openAnimation&quot;:1}\"><div class=\"qubely-row-overlay\"><\/div><div class=\"qubely-container\"><div class=\"qubely-row \">\n<div class=\"wp-block-qubely-column qubely-column qubely-column-front qubely-block-cf57d6\"><div class=\"qubely-column-inner\">\n<div class=\"wp-block-qubely-infobox qubely-block-e6155b\" data-qubelyanimation=\"{&quot;animation&quot;:&quot;fade&quot;,&quot;name&quot;:&quot;fadeCenter&quot;,&quot;repeat&quot;:&quot;once&quot;,&quot;direction&quot;:&quot;Center&quot;,&quot;duration&quot;:&quot;1500&quot;,&quot;delay&quot;:&quot;1000&quot;,&quot;curve&quot;:&quot;ease-in-out&quot;,&quot;openAnimation&quot;:1}\"><div class=\"qubely-block-info-box  qubely-info-box-layout-1\"><div class=\"qubely-info-box-media\"><i class=\"qubely-info-box-icon fas fa-shipping-fast\"><\/i><\/div><div class=\"qubely-info-box-body\"><div class=\"qubely-info-box-title-container  qubely-separator-position-top\"><div class=\"qubely-info-box-title-inner\"><h6 class=\"qubely-info-box-title\">PICKUP <\/h6><\/div><\/div><div class=\"qubely-info-box-content\"><div class=\"qubely-info-box-text\"> <a href=\"https:\/\/www.eifeler-austria.com\/hu\/szolgaltatasok-eifeler-bevonatok\/\">szolg\u00e1ltat\u00e1s<\/a> <\/div><\/div><\/div><\/div><\/div>\n\n\n\n<div class=\"wp-block-qubely-infobox qubely-block-cd5604\" data-qubelyanimation=\"{&quot;animation&quot;:&quot;fade&quot;,&quot;name&quot;:&quot;fadeCenter&quot;,&quot;repeat&quot;:&quot;once&quot;,&quot;direction&quot;:&quot;Center&quot;,&quot;duration&quot;:&quot;1500&quot;,&quot;delay&quot;:&quot;2000&quot;,&quot;curve&quot;:&quot;ease-in-out&quot;,&quot;openAnimation&quot;:1}\"><div class=\"qubely-block-info-box  qubely-info-box-layout-1\"><div class=\"qubely-info-box-media\"><i class=\"qubely-info-box-icon far fa-clock\"><\/i><\/div><div class=\"qubely-info-box-body\"><div class=\"qubely-info-box-title-container  qubely-separator-position-top\"><div class=\"qubely-info-box-title-inner\"><h6 class=\"qubely-info-box-title\">48 \u00f3r\u00e1s <\/h6><\/div><\/div><div class=\"qubely-info-box-content\"><div class=\"qubely-info-box-text\"> <a href=\"https:\/\/www.eifeler-austria.com\/hu\/szolgaltatasok-eifeler-bevonatok\/\">szolg\u00e1ltat\u00e1s<\/a> <\/div><\/div><\/div><\/div><\/div>\n<\/div><\/div>\n<\/div><\/div><\/div>\n","protected":false},"excerpt":{"rendered":"","protected":false},"author":8,"featured_media":0,"parent":0,"menu_order":0,"comment_status":"closed","ping_status":"closed","template":"","meta":{"qubely_global_settings":"","qubely_interactions":"","footnotes":""},"class_list":["post-221","page","type-page","status-publish","hentry"],"blocksy_meta":{"vertical_spacing_source":"custom","content_area_spacing":"none","styles_descriptor":{"styles":{"desktop":"","tablet":"","mobile":""},"google_fonts":[],"version":6}},"yoast_head":"<!-- This site is optimized with the Yoast SEO plugin v26.6 - https:\/\/yoast.com\/wordpress\/plugins\/seo\/ -->\n<title>DUPLEX-elj\u00e1r\u00e1s | Eifeler cs\u00facstechnol\u00f3gi\u00e1s bevonatok<\/title>\n<meta name=\"description\" content=\"Eifeler DUPLEX-elj\u00e1r\u00e1s \u2013 dupl\u00e1n hat\u00e9kony a h\u0151k\u00e9miai plazmanitrid\u00e1l\u00e1s \u00e9s a PVD-bevonat felvitele r\u00e9v\u00e9n. Jelent\u0151sen nagyobb teljes\u00edtm\u00e9ny\u00e9rt!\" \/>\n<meta name=\"robots\" content=\"index, follow, max-snippet:-1, max-image-preview:large, max-video-preview:-1\" \/>\n<link rel=\"canonical\" href=\"https:\/\/www.eifeler-austria.com\/hu\/duplex-pvd\/\" \/>\n<meta property=\"og:locale\" content=\"de_DE\" \/>\n<meta property=\"og:type\" content=\"article\" \/>\n<meta property=\"og:title\" content=\"DUPLEX-elj\u00e1r\u00e1s | Eifeler cs\u00facstechnol\u00f3gi\u00e1s bevonatok\" \/>\n<meta property=\"og:description\" content=\"Eifeler DUPLEX-elj\u00e1r\u00e1s \u2013 dupl\u00e1n hat\u00e9kony a h\u0151k\u00e9miai plazmanitrid\u00e1l\u00e1s \u00e9s a PVD-bevonat felvitele r\u00e9v\u00e9n. Jelent\u0151sen nagyobb teljes\u00edtm\u00e9ny\u00e9rt!\" \/>\n<meta property=\"og:url\" content=\"https:\/\/www.eifeler-austria.com\/hu\/duplex-pvd\/\" \/>\n<meta property=\"og:site_name\" content=\"Eifeler cs\u00facstechnol\u00f3gi\u00e1s bevonatok\" \/>\n<meta property=\"article:modified_time\" content=\"2025-05-10T17:44:34+00:00\" \/>\n<meta name=\"twitter:card\" content=\"summary_large_image\" \/>\n<meta name=\"twitter:label1\" content=\"Gesch\u00e4tzte Lesezeit\" \/>\n\t<meta name=\"twitter:data1\" content=\"2\u00a0Minuten\" \/>\n<script type=\"application\/ld+json\" class=\"yoast-schema-graph\">{\"@context\":\"https:\/\/schema.org\",\"@graph\":[{\"@type\":\"WebPage\",\"@id\":\"https:\/\/www.eifeler-austria.com\/hu\/duplex-pvd\/\",\"url\":\"https:\/\/www.eifeler-austria.com\/hu\/duplex-pvd\/\",\"name\":\"DUPLEX-elj\u00e1r\u00e1s | Eifeler cs\u00facstechnol\u00f3gi\u00e1s bevonatok\",\"isPartOf\":{\"@id\":\"https:\/\/www.eifeler-austria.com\/hu\/#website\"},\"datePublished\":\"2025-04-17T16:55:20+00:00\",\"dateModified\":\"2025-05-10T17:44:34+00:00\",\"description\":\"Eifeler DUPLEX-elj\u00e1r\u00e1s \u2013 dupl\u00e1n hat\u00e9kony a h\u0151k\u00e9miai plazmanitrid\u00e1l\u00e1s \u00e9s a PVD-bevonat felvitele r\u00e9v\u00e9n. Jelent\u0151sen nagyobb teljes\u00edtm\u00e9ny\u00e9rt!\",\"breadcrumb\":{\"@id\":\"https:\/\/www.eifeler-austria.com\/hu\/duplex-pvd\/#breadcrumb\"},\"inLanguage\":\"de\",\"potentialAction\":[{\"@type\":\"ReadAction\",\"target\":[\"https:\/\/www.eifeler-austria.com\/hu\/duplex-pvd\/\"]}]},{\"@type\":\"BreadcrumbList\",\"@id\":\"https:\/\/www.eifeler-austria.com\/hu\/duplex-pvd\/#breadcrumb\",\"itemListElement\":[{\"@type\":\"ListItem\",\"position\":1,\"name\":\"Startseite\",\"item\":\"https:\/\/www.eifeler-austria.com\/hu\/\"},{\"@type\":\"ListItem\",\"position\":2,\"name\":\"DUPLEX Verfahren\"}]},{\"@type\":\"WebSite\",\"@id\":\"https:\/\/www.eifeler-austria.com\/hu\/#website\",\"url\":\"https:\/\/www.eifeler-austria.com\/hu\/\",\"name\":\"Eifeler cs\u00facstechnol\u00f3gi\u00e1s bevonatok\",\"description\":\"Cs\u00facstechnol\u00f3gi\u00e1s bevonatok\",\"publisher\":{\"@id\":\"https:\/\/www.eifeler-austria.com\/hu\/#organization\"},\"potentialAction\":[{\"@type\":\"SearchAction\",\"target\":{\"@type\":\"EntryPoint\",\"urlTemplate\":\"https:\/\/www.eifeler-austria.com\/hu\/?s={search_term_string}\"},\"query-input\":{\"@type\":\"PropertyValueSpecification\",\"valueRequired\":true,\"valueName\":\"search_term_string\"}}],\"inLanguage\":\"de\"},{\"@type\":\"Organization\",\"@id\":\"https:\/\/www.eifeler-austria.com\/hu\/#organization\",\"name\":\"Eifeler cs\u00facstechnol\u00f3gi\u00e1s bevonatok\",\"url\":\"https:\/\/www.eifeler-austria.com\/hu\/\",\"logo\":{\"@type\":\"ImageObject\",\"inLanguage\":\"de\",\"@id\":\"https:\/\/www.eifeler-austria.com\/hu\/#\/schema\/logo\/image\/\",\"url\":\"https:\/\/www.eifeler-austria.com\/hu\/wp-content\/uploads\/sites\/3\/2025\/04\/eifeler-csucstechnologias-bevonatok.svg\",\"contentUrl\":\"https:\/\/www.eifeler-austria.com\/hu\/wp-content\/uploads\/sites\/3\/2025\/04\/eifeler-csucstechnologias-bevonatok.svg\",\"width\":186,\"height\":30,\"caption\":\"Eifeler cs\u00facstechnol\u00f3gi\u00e1s bevonatok\"},\"image\":{\"@id\":\"https:\/\/www.eifeler-austria.com\/hu\/#\/schema\/logo\/image\/\"}}]}<\/script>\n<!-- \/ Yoast SEO plugin. -->","yoast_head_json":{"title":"DUPLEX-elj\u00e1r\u00e1s | Eifeler cs\u00facstechnol\u00f3gi\u00e1s bevonatok","description":"Eifeler DUPLEX-elj\u00e1r\u00e1s \u2013 dupl\u00e1n hat\u00e9kony a h\u0151k\u00e9miai plazmanitrid\u00e1l\u00e1s \u00e9s a PVD-bevonat felvitele r\u00e9v\u00e9n. Jelent\u0151sen nagyobb teljes\u00edtm\u00e9ny\u00e9rt!","robots":{"index":"index","follow":"follow","max-snippet":"max-snippet:-1","max-image-preview":"max-image-preview:large","max-video-preview":"max-video-preview:-1"},"canonical":"https:\/\/www.eifeler-austria.com\/hu\/duplex-pvd\/","og_locale":"de_DE","og_type":"article","og_title":"DUPLEX-elj\u00e1r\u00e1s | Eifeler cs\u00facstechnol\u00f3gi\u00e1s bevonatok","og_description":"Eifeler DUPLEX-elj\u00e1r\u00e1s \u2013 dupl\u00e1n hat\u00e9kony a h\u0151k\u00e9miai plazmanitrid\u00e1l\u00e1s \u00e9s a PVD-bevonat felvitele r\u00e9v\u00e9n. Jelent\u0151sen nagyobb teljes\u00edtm\u00e9ny\u00e9rt!","og_url":"https:\/\/www.eifeler-austria.com\/hu\/duplex-pvd\/","og_site_name":"Eifeler cs\u00facstechnol\u00f3gi\u00e1s bevonatok","article_modified_time":"2025-05-10T17:44:34+00:00","twitter_card":"summary_large_image","twitter_misc":{"Gesch\u00e4tzte Lesezeit":"2\u00a0Minuten"},"schema":{"@context":"https:\/\/schema.org","@graph":[{"@type":"WebPage","@id":"https:\/\/www.eifeler-austria.com\/hu\/duplex-pvd\/","url":"https:\/\/www.eifeler-austria.com\/hu\/duplex-pvd\/","name":"DUPLEX-elj\u00e1r\u00e1s | Eifeler cs\u00facstechnol\u00f3gi\u00e1s bevonatok","isPartOf":{"@id":"https:\/\/www.eifeler-austria.com\/hu\/#website"},"datePublished":"2025-04-17T16:55:20+00:00","dateModified":"2025-05-10T17:44:34+00:00","description":"Eifeler DUPLEX-elj\u00e1r\u00e1s \u2013 dupl\u00e1n hat\u00e9kony a h\u0151k\u00e9miai plazmanitrid\u00e1l\u00e1s \u00e9s a PVD-bevonat felvitele r\u00e9v\u00e9n. Jelent\u0151sen nagyobb teljes\u00edtm\u00e9ny\u00e9rt!","breadcrumb":{"@id":"https:\/\/www.eifeler-austria.com\/hu\/duplex-pvd\/#breadcrumb"},"inLanguage":"de","potentialAction":[{"@type":"ReadAction","target":["https:\/\/www.eifeler-austria.com\/hu\/duplex-pvd\/"]}]},{"@type":"BreadcrumbList","@id":"https:\/\/www.eifeler-austria.com\/hu\/duplex-pvd\/#breadcrumb","itemListElement":[{"@type":"ListItem","position":1,"name":"Startseite","item":"https:\/\/www.eifeler-austria.com\/hu\/"},{"@type":"ListItem","position":2,"name":"DUPLEX Verfahren"}]},{"@type":"WebSite","@id":"https:\/\/www.eifeler-austria.com\/hu\/#website","url":"https:\/\/www.eifeler-austria.com\/hu\/","name":"Eifeler cs\u00facstechnol\u00f3gi\u00e1s bevonatok","description":"Cs\u00facstechnol\u00f3gi\u00e1s bevonatok","publisher":{"@id":"https:\/\/www.eifeler-austria.com\/hu\/#organization"},"potentialAction":[{"@type":"SearchAction","target":{"@type":"EntryPoint","urlTemplate":"https:\/\/www.eifeler-austria.com\/hu\/?s={search_term_string}"},"query-input":{"@type":"PropertyValueSpecification","valueRequired":true,"valueName":"search_term_string"}}],"inLanguage":"de"},{"@type":"Organization","@id":"https:\/\/www.eifeler-austria.com\/hu\/#organization","name":"Eifeler cs\u00facstechnol\u00f3gi\u00e1s bevonatok","url":"https:\/\/www.eifeler-austria.com\/hu\/","logo":{"@type":"ImageObject","inLanguage":"de","@id":"https:\/\/www.eifeler-austria.com\/hu\/#\/schema\/logo\/image\/","url":"https:\/\/www.eifeler-austria.com\/hu\/wp-content\/uploads\/sites\/3\/2025\/04\/eifeler-csucstechnologias-bevonatok.svg","contentUrl":"https:\/\/www.eifeler-austria.com\/hu\/wp-content\/uploads\/sites\/3\/2025\/04\/eifeler-csucstechnologias-bevonatok.svg","width":186,"height":30,"caption":"Eifeler cs\u00facstechnol\u00f3gi\u00e1s bevonatok"},"image":{"@id":"https:\/\/www.eifeler-austria.com\/hu\/#\/schema\/logo\/image\/"}}]}},"_links":{"self":[{"href":"https:\/\/www.eifeler-austria.com\/hu\/wp-json\/wp\/v2\/pages\/221","targetHints":{"allow":["GET"]}}],"collection":[{"href":"https:\/\/www.eifeler-austria.com\/hu\/wp-json\/wp\/v2\/pages"}],"about":[{"href":"https:\/\/www.eifeler-austria.com\/hu\/wp-json\/wp\/v2\/types\/page"}],"author":[{"embeddable":true,"href":"https:\/\/www.eifeler-austria.com\/hu\/wp-json\/wp\/v2\/users\/8"}],"replies":[{"embeddable":true,"href":"https:\/\/www.eifeler-austria.com\/hu\/wp-json\/wp\/v2\/comments?post=221"}],"version-history":[{"count":4,"href":"https:\/\/www.eifeler-austria.com\/hu\/wp-json\/wp\/v2\/pages\/221\/revisions"}],"predecessor-version":[{"id":524,"href":"https:\/\/www.eifeler-austria.com\/hu\/wp-json\/wp\/v2\/pages\/221\/revisions\/524"}],"wp:attachment":[{"href":"https:\/\/www.eifeler-austria.com\/hu\/wp-json\/wp\/v2\/media?parent=221"}],"curies":[{"name":"wp","href":"https:\/\/api.w.org\/{rel}","templated":true}]}}